{"id":68,"date":"2014-12-17T08:47:57","date_gmt":"2014-12-17T07:47:57","guid":{"rendered":"http:\/\/os-dragatus.splet.arnes.si\/?page_id=68"},"modified":"2024-09-06T12:32:46","modified_gmt":"2024-09-06T10:32:46","slug":"zgodovina-sole","status":"publish","type":"page","link":"https:\/\/www.os-dragatus.si\/?page_id=68","title":{"rendered":"Zgodovina \u0161ole"},"content":{"rendered":"<p><span style=\"color: #333333\">Ravnatelji, upravitelji, nadu\u010ditelji&#8230; skrbno bele\u017eijo dogodke, pomembne za \u0161olo in kraj. Tako \u0161olska kronika O\u0160 Dragatu\u0161 obsega kar nekaj debelih zvezkov dokazov na\u0161e preteklosti. Naj na\u0161tejemo le tistih nekaj pomembnej\u0161ih:<\/span><\/p>\n<p><span style=\"color: #333333\">\u2022&nbsp;<strong>3. novembra 1874<\/strong> je nadu\u010ditelj Franc Kav\u010di\u010d zapisal: \u00bbKakor je bila povsod navada, da so se po farah ustanovile tako imenovane trivialne \u0161ole, za\u010dela se je novembra 1858 tudi tukaj \u0161ola.\u00ab Prvi u\u010ditelj je bil Jo\u017eef \u010cerin, rojen v Idriji. Stanoval je v Obrhu. Pouk je bil v farov\u017eu. Vsako \u0161olsko leto se za\u010dne z ma\u0161o in se tako slovesno tudi kon\u010da.<\/span><br \/>\n<span style=\"color: #333333\"> <span style=\"font-size: 8pt;font-family: verdana,geneva\"><span class=\"style165\">\u2022<\/span><\/span> <span class=\"style165\"><strong>2. junija 1878<\/strong> se odpre dvorazredna \u0161ola.<br \/>\n<span style=\"font-size: 8pt;font-family: verdana,geneva\"><span class=\"style165\">\u2022<\/span><\/span> <\/span><span class=\"style165\"><strong>17. junija 1886<\/strong> polo\u017eijo temelj novega \u0161olskega poslopja; 3. oktobra 1887 pa otvorijo tri razrednico v novem \u0161olskem poslopju.<br \/>\n<span style=\"font-size: 8pt;font-family: verdana,geneva\"><span class=\"style165\">\u2022<\/span><\/span> <\/span> <span class=\"style165\">Leta <strong>1900<\/strong> je za \u0161olskega nadzornika imenovan trgovec, kr\u010dmar in posestnik Josip \u0160tefani\u010d iz Dragatu\u0161a.<br \/>\n<span style=\"font-size: 8pt;font-family: verdana,geneva\"><span class=\"style165\">\u2022<\/span><\/span> V<\/span><span class=\"style165\"><strong> \u0161olskem letu 1912\/13<\/strong> uvedejo nem\u0161\u010dino kot neobvezni u\u010dni predmet.<br \/>\n<span style=\"font-size: 8pt;font-family: verdana,geneva\"><span class=\"style165\">\u2022<\/span><\/span> <\/span><span class=\"style165\">Leta <strong>1913<\/strong> obnovijo \u0161olsko stavbo: prekrijejo streho, izbolj\u0161ajo strani\u0161\u010da, \u0161olo opremijo z roletami in obe\u0161alniki, tintniki in predpra\u017eniki, posodobijo jo s tablami in slikami.<br \/>\n<span style=\"font-size: 8pt;font-family: verdana,geneva\"><span class=\"style165\">\u2022<\/span><\/span> <\/span><span class=\"style165\">V \u0161olskem letu <strong>1913\/14<\/strong> u\u010diteljice za\u010dnejo nazivati \u00bbgospa\u00ab.<br \/>\n<span style=\"font-size: 8pt;font-family: verdana,geneva\"><span class=\"style165\">\u2022<\/span><\/span> <\/span> <span class=\"style165\"><strong>25. maja 1914<\/strong> je pouka prost dan zaradi otvoritve belokranjske \u017eeleznice.<br \/>\n<span style=\"font-size: 8pt;font-family: verdana,geneva\"><span class=\"style165\">\u2022<\/span><\/span> <\/span><span class=\"style165\"><strong>24. junija 1914<\/strong> imajo u\u010denci prvi izlet v Novo mesto. V \u010crnomlju se fotografirajo. Proti u\u010ditelju Francu Potokarju vlo\u017eijo disciplinsko preiskavo, ker je organiziral veselico s plesom, prodajal tombolske tablice in plesal.<br \/>\n<span style=\"font-size: 8pt;font-family: verdana,geneva\"><span class=\"style165\">\u2022<\/span><\/span> <\/span><span class=\"style165\">Leta <strong>1916<\/strong> zaradi var\u010devanja s papirjem uvedejo tablice.<br \/>\n<span style=\"font-size: 8pt;font-family: verdana,geneva\"><span class=\"style165\">\u2022<\/span><\/span> <\/span><span class=\"style165\"><strong>2. marca 1916<\/strong> potres hudo po\u0161koduje \u0161olsko poslopje.<br \/>\n<span style=\"font-size: 8pt;font-family: verdana,geneva\"><span class=\"style165\">\u2022<\/span><\/span> <\/span> <span class=\"style165\">V \u0161olskem letu <strong>1916\/17<\/strong> popravijo \u0161olo. U\u010ditelje nazivajo \u00bbtovari\u0161i\u00ab.<br \/>\n<span style=\"font-size: 8pt;font-family: verdana,geneva\"><span class=\"style165\">\u2022<\/span><\/span> <\/span><span class=\"style165\">Leta <strong>1917<\/strong> v \u0161oli naselijo 188 vojakov. \u0160olo obiskuje 22 begunskih otrok s Primorske, zaposlijo tudi begunsko u\u010diteljico.<br \/>\n<span style=\"font-size: 8pt;font-family: verdana,geneva\"><span class=\"style165\">\u2022<\/span><\/span> <\/span><span class=\"style165\">Leta <strong>1919<\/strong> bi morali u\u010ditelji sami \u010distiti \u0161olo, \u010demur se uprejo. \u0160ola nima drv za kurjavo, zato prenehajo s poukom.<br \/>\n<span style=\"font-size: 8pt;font-family: verdana,geneva\"><span class=\"style165\">\u2022<\/span><\/span> <\/span><span class=\"style165\">V \u0161olskem letu <strong>1924\/25<\/strong> je veliko pomanjkanje u\u010diteljev.<br \/>\n<span style=\"font-size: 8pt;font-family: verdana,geneva\"><span class=\"style165\">\u2022<\/span><\/span> <\/span><span class=\"style165\"><strong>31. avgusta 1925<\/strong> \u0161ola postane \u0161tirirazrednica.<br \/>\n<span style=\"font-size: 8pt;font-family: verdana,geneva\"><span class=\"style165\">\u2022<\/span><\/span> <\/span><span class=\"style165\">Leta <strong>1926<\/strong> organizirajo prvi izlet v Ljubljano. Vodstvo \u0161ole prevzame Vinka Bu\u010dar Antoni\u010d.<br \/>\n<span style=\"font-size: 8pt;font-family: verdana,geneva\"><span class=\"style165\">\u2022<\/span><\/span> <\/span><span class=\"style165\"><strong>6. marca 1928<\/strong> se \u0161ola raz\u0161iri v pet razrednico.<br \/>\n<span style=\"font-size: 8pt;font-family: verdana,geneva\"><span class=\"style165\">\u2022<\/span><\/span> <\/span><span class=\"style165\">V \u0161olskem letu <strong>1929\/30<\/strong> so najbolj\u0161i u\u010denci nagrajeni s hranilno knji\u017eico.<br \/>\n<span style=\"font-size: 8pt;font-family: verdana,geneva\"><span class=\"style165\">\u2022<\/span><\/span> <\/span><span class=\"style165\">V \u0161olskem letu <strong>1932\/33<\/strong> si u\u010denci ogledajo kino predstavo in uprizorijo igro Peter\u010dkove poslednje sanje.<br \/>\n<span style=\"font-size: 8pt;font-family: verdana,geneva\"><span class=\"style165\">\u2022<\/span><\/span> <\/span><span class=\"style165\">V \u0161olskih letih <strong>1935\/36\u20131940\/41<\/strong> ustanovijo \u0161olsko kuhinjo, u\u010denci pripravijo lutkovno igrico Jur\u010dek in kroja\u010dek. Uvedejo obvezno telesno vzgojo, slavijo Pre\u0161ernov dan in zbirajo sredstva za odkup Pre\u0161ernove rojstne hi\u0161e.<br \/>\n<span style=\"font-size: 8pt;font-family: verdana,geneva\"><span class=\"style165\">\u2022<\/span><\/span> <\/span> <span class=\"style165\">V letih <strong>1941\u20131945<\/strong> vojni dogodki zelo vplivajo na pouk, ki je ve\u010dkrat prekinjen.<br \/>\n<span style=\"font-size: 8pt;font-family: verdana,geneva\"><span class=\"style165\">\u2022<\/span><\/span> <\/span><span class=\"style165\"><strong>5. maja 1944<\/strong> je v bombnem napadu poru\u0161ena \u0161ola. Zasilne \u0161ole so v Dragatu\u0161u, Obrhu, na Bel\u010djem Vrhu, Brdarcih, Tan\u010di Gori, Goleku in Kvasici.<br \/>\n<span style=\"font-size: 8pt;font-family: verdana,geneva\"><span class=\"style165\">\u2022<\/span><\/span> <\/span><span class=\"style165\">V \u0161olskem letu <strong>1947\/48<\/strong> je veliko pomanjkanje u\u010dnih mo\u010di. \u0160ola ima 5 oddelkov. U\u010denci morajo za vstop v 5. razred opraviti sprejemni izpit. Prebirajo revije Pionir, Ciciban, Pionirski list.<br \/>\n<span style=\"font-size: 8pt;font-family: verdana,geneva\"><span class=\"style165\">\u2022<\/span><\/span> <\/span><span class=\"style165\">V \u0161olskem letu <strong>1948\/49<\/strong> \u0161ola postane sedemletka. 1949 ukinejo \u0161olo na Bel\u010djem Vrhu. Uvedejo obvezno srbohrva\u0161\u010dino in nem\u0161\u010dino.<br \/>\n<span style=\"font-size: 8pt;font-family: verdana,geneva\"><span class=\"style165\">\u2022<\/span><\/span> <\/span><span class=\"style165\">V \u0161olskem letu <strong>1950\/51<\/strong> je premalo u\u010dencev, zato ukinejo sedemletko.<br \/>\n<span style=\"font-size: 8pt;font-family: verdana,geneva\"><span class=\"style165\">\u2022<\/span><\/span> <\/span> <span class=\"style165\">V \u0161olskem letu <strong>1952\/53<\/strong> nastopi prvo delovno mesto Stane \u017dula. \u0160ola pridobi diaprojektor in filme.<br \/>\n<span style=\"font-size: 8pt;font-family: verdana,geneva\"><span class=\"style165\">\u2022<\/span><\/span> <\/span><span class=\"style165\">V \u0161olskem letu <strong>1955\/56<\/strong> patronat nad \u0161olo prevzame Rudnik Kani\u017earica. Star\u0161i so pripravljeni pomagati pri gradnji nove \u0161ole, zahtevajo popolno osemletko.<br \/>\n<span style=\"font-size: 8pt;font-family: verdana,geneva\"><span class=\"style165\">\u2022<\/span><\/span> <\/span><span class=\"style165\">V \u0161olskem letu <strong>1958\/59<\/strong> odprejo \u0161e en razred, in sicer v \u017eupni\u0161\u010du. Uveden je predmetni pouk.<br \/>\n<span style=\"font-size: 8pt;font-family: verdana,geneva\"><span class=\"style165\">\u2022<\/span><\/span> <\/span><span class=\"style165\">V \u0161olskem letu <strong>1960\/61<\/strong> deluje na \u0161oli oddelek za odrasle.<br \/>\n<span style=\"font-size: 8pt;font-family: verdana,geneva\"><span class=\"style165\">\u2022<\/span><\/span> <\/span><span class=\"style165\">Leta <strong>1961<\/strong> se za\u010dne gradnja \u0161ole.<br \/>\n<span style=\"font-size: 8pt;font-family: verdana,geneva\"><span class=\"style165\">\u2022<\/span><\/span> <\/span><span class=\"style165\">Leta <strong>1962<\/strong> Dragatu\u0161ci dobijo novo \u0161olo. 30. decembra 1962 jo slovesno otvorijo in jo poimenujejo po narodnem heroju Francu Rozmanu Stanetu. Poleg \u0161ole za\u010dnejo graditi tehni\u0161ko delavnico in kolesarnico.<br \/>\n<span style=\"font-size: 8pt;font-family: verdana,geneva\"><span class=\"style165\">\u2022<\/span><\/span> <\/span><span class=\"style165\">Leta <strong>1968<\/strong> asfaltirajo \u0161olsko igri\u0161\u010de. \u0160olarje obi\u0161\u010de pesnica Ne\u017ea Maurer.<br \/>\n<span style=\"font-size: 8pt;font-family: verdana,geneva\"><span class=\"style165\">\u2022<\/span><\/span> <\/span><span class=\"style165\">V \u0161olskem letu <strong>1971\/72<\/strong> je uveden petdnevni delovni teden. U\u010dni uspeh se izbolj\u0161a. \u0160ola pa \u0161e vedno nima telovadnice in kabinetov.<br \/>\n<span style=\"font-size: 8pt;font-family: verdana,geneva\"><span class=\"style165\">\u2022<\/span><\/span> <\/span><span class=\"style165\">V \u0161olskem letu <strong>1971\/72<\/strong> je organiziran avtobusni prevoz za u\u010dence. Uvedeno je tudi podalj\u0161ano bivanje. Popravi se celotno ostre\u0161je.<br \/>\n<span style=\"font-size: 8pt;font-family: verdana,geneva\"><span class=\"style165\">\u2022<\/span><\/span> <\/span><span class=\"style165\">V \u0161olskem letu <strong>1979\/80<\/strong> potekajo priprave za gradnjo prizidka \u0161oli in telovadnice. Organiziran je dopolnilni pouk.<br \/>\n<span style=\"font-size: 8pt;font-family: verdana,geneva\"><span class=\"style165\">\u2022<\/span><\/span> <\/span><span class=\"style165\">V \u0161olskem letu <strong>1981\/82<\/strong> pridobijo knji\u017enico, prostor za vrtec in za malo \u0161olo, dograjene so tri u\u010dilnice, kuhinja, jedilnica in telovadnica. Velike zasluge ima ravnateljica Fanika Toman.<br \/>\n<span style=\"font-size: 8pt;font-family: verdana,geneva\"><span class=\"style165\">\u2022<\/span><\/span> V<\/span><span class=\"style165\"> \u0161olskem letu <strong>1983\/84<\/strong> uvedejo kulturne in naravoslovne dneve, vsak u\u010denec pa mora sodelovati v vsaj eni interesni dejavnosti.<br \/>\n<span style=\"font-size: 8pt;font-family: verdana,geneva\"><span class=\"style165\">\u2022<\/span><\/span> <\/span><span class=\"style165\">V \u0161olskem letu <strong>1985\/86<\/strong> je uveden fakultativni pouk angle\u0161\u010dine.<br \/>\n<span style=\"font-size: 8pt;font-family: verdana,geneva\"><span class=\"style165\">\u2022<\/span><\/span> <\/span><span class=\"style165\">V \u0161olskem letu <strong>1985\/86<\/strong> je realizirana prva letna \u0161ola v naravi. Na Debeli rti\u010d odide 27 u\u010dencev 4. razreda in trije u\u010ditelji.<br \/>\n\u2022 V \u0161olskem letu <strong>1990\/91<\/strong> je bila za ravnateljico izbrana Stanislava Badjuk.<br \/>\n<span style=\"font-size: 8pt;font-family: verdana,geneva\"><span class=\"style165\">\u2022<\/span><\/span> <\/span><span class=\"style165\">V \u0161olskem letu <strong>1992\/93<\/strong> se za\u010dnejo razprave o uvedbi devetletne O\u0160.<br \/>\n<span style=\"font-size: 8pt;font-family: verdana,geneva\"><span class=\"style165\">\u2022<\/span><\/span> <\/span><span class=\"style165\">V \u0161olskem letu <strong>1997\/98<\/strong> preuredijo in obnovijo \u0161olsko streho ter uredijo in opremijo ra\u010dunalni\u0161ko u\u010dilnico (donacija podjetja Danfoss).<br \/>\n\u2022 V \u0161olskem letu <strong>2000\/2001<\/strong> je ravnatelj \u0161ole postal Alojz Hudelja.<\/span><\/span><span style=\"color: #333333\"><span class=\"style165\"><br \/>\n<span style=\"font-size: 8pt;font-family: verdana,geneva\"><span class=\"style165\">\u2022<\/span><\/span> <\/span><span class=\"style165\">Leta <strong>2003<\/strong> za\u017eivi \u0161olska spletna stran.<br \/>\n<span style=\"font-size: 8pt;font-family: verdana,geneva\">\u2022<\/span>&nbsp;Od <strong>28. 2. do 4. 3. 2005<\/strong> poteka prva zimska \u0161ola v naravi s \u0161olo smu\u010danja. U\u010denci zadnjih treh razredov so bivali v domu Planinka in smu\u010dali na Pohorju.<br \/>\n\u2022 S \u0161olskim letom <strong>2005\/2006<\/strong> je ravnateljica Julijana Turn\u0161ek Heij.<br \/>\n<span style=\"font-size: 8pt;font-family: verdana,geneva\"><span class=\"style165\">\u2022<\/span><\/span> <\/span><span class=\"style165\">Leta <strong>2008 <\/strong>dogradijo prizidek k telovadnici, obnovijo tla in strop v telovadnici in zamenjajo okna na ve\u010djem delu \u0161ole.<br \/>\n<span style=\"font-size: 8pt;font-family: verdana,geneva\"><span class=\"style165\">\u2022<\/span><\/span> <\/span><span class=\"style165\">Leta <strong>2009<\/strong> je bilo zgrajeno \u0161olsko kro\u017ei\u0161\u010de s parkirnimi prostori. \u0160ola kupi teleskop.<br \/>\n<span style=\"font-size: 8pt;font-family: verdana,geneva\"><span class=\"style165\">\u2022<\/span><\/span> <\/span><span class=\"style165\">Leta <strong>2010<\/strong> je v uporabo predana popolnoma obnovljena u\u010dilnica za kemijo, matematiko in fiziko. Novi ravnatelj je postal Stanislav Dra\u017eumeri\u010d.<br \/>\n<span style=\"font-size: 8pt;font-family: verdana,geneva\"><span class=\"style165\">\u2022<\/span><\/span> <\/span><span class=\"style165\">Leta <strong>2011<\/strong> \u0161ola pridobi prvo interaktivno tablo in digitalno kamero. Na novoletni prireditvi prvi\u010d uporabljeno novo \u0161olsko ozvo\u010denje. Istega leta je bila prenovljena \u0161olska kurilnica.<br \/>\n<span style=\"font-size: 8pt;font-family: verdana,geneva\"><span class=\"style165\">\u2022<\/span><\/span> <\/span><span class=\"style165\">V \u0161olskem letu <strong>2011\/2012<\/strong> je doseglo \u0161tevilo u\u010dencev najni\u017ejo to\u010dko &#8211; na \u0161oli je 96 u\u010dencev in dve kombinaciji &#8211; 1. in 2. razred ter 8. in 9. razred.<br \/>\n<span style=\"font-size: 8pt;font-family: verdana,geneva\"><span class=\"style165\">\u2022<\/span><\/span> <\/span><span class=\"style165\">Po koncu \u0161olskega leta <strong>2011\/2012<\/strong> so bile obnovljene sanitarije v starem delu \u0161olskega poslopja. Prav tako je bila prenovljena ena igralnica vrtca.<br \/>\n<span style=\"font-size: 8pt;font-family: verdana,geneva\"><span class=\"style165\">\u2022<\/span><\/span> <\/span> <span class=\"style176\">S \u0161olskim letom <\/span><strong>2012\/2013<\/strong><span class=\"style177\"> smo za delo <\/span> u\u010diteljev v zbornici najeli multifunkcijsko napravo za tiskanje, fotokopiranje in skeniranje. Na ta na\u010din so ta opravila postala veliko bolj ekonomi\u010dna.<span class=\"style165\"><br \/>\n<span style=\"font-size: 8pt;font-family: verdana,geneva\"><span class=\"style165\">\u2022<\/span><\/span> <\/span><span class=\"style165\">Med jesenskimi po\u010ditnicami v \u0161ol. letu <strong>2012\/2013<\/strong> smo raz\u0161irili in prenovili kabinet \u0161olske svetovalne delavke.<br \/>\n<\/span> <span style=\"font-size: 8pt;font-family: verdana,geneva\"><span class=\"style165\">\u2022<\/span><\/span> <span class=\"style176\">Med poletnimi <\/span>po\u010ditnicami ob koncu \u0161ol. leta <strong>2012\/2013<\/strong> so bila na \u0161oli izvedena naslednja obnovitvena dela:<\/span><br \/>\n<span style=\"color: #333333\"> <span class=\"style165\"> <span lang=\"sl\">&nbsp;&nbsp; &#8211; nova tla, strop in oplesk na hodniku v vrtcu,<br \/>\n&#8211; nova tla, keramika in oplesk v u\u010dilnici 4. razreda,<br \/>\n&#8211; nova tla na hodniku v 2. nadstropju,<br \/>\n&#8211; nova tla, keramika, oplesk, dodatna vrata in predpriprava za kabinet v u\u010dilnicah za SLJ\/GUM in GEO\/ZGO,<br \/>\n&#8211; nova tla, strop, keramika in opleska v obuvalnici,<br \/>\n&#8211; pridobili smo nove prostore: pralnico, lo\u010dene sanitarije in lo\u010dene garderobe pri telovadnici,<br \/>\n&#8211; nova tla in oplesk v jedilnici<br \/>\n<span style=\"font-size: 8pt;font-family: verdana,geneva\"><span class=\"style165\">\u2022<\/span><\/span> <\/span> <\/span> <span class=\"style176\">V za\u010detku \u0161olskega <\/span>leta <strong>2013\/2014<\/strong> <span lang=\"sl\">smo u\u010dilnice 1, 2 in 4. razreda opremili z belimi tablami in LCD projektorji. S to pridobitvijo so v teh razredih v veliki meri uvedli e-pouk.<\/span><span class=\"style165\"><br \/>\n<\/span><span class=\"style165\"><span style=\"font-size: 8pt;font-family: verdana,geneva\"><span class=\"style165\"><span lang=\"sl\"><span style=\"font-size: 8pt;font-family: verdana,geneva\"><span class=\"style165\">\u2022<\/span><\/span><\/span><\/span><\/span><\/span><span class=\"style165\">&nbsp;<\/span><span class=\"style176\"><span lang=\"sl\"><strong>14. decembra 2013<\/strong> smo s prireditvijo proslavili <strong>50-letnico \u0161olske stavbe<\/strong>. Po prireditvi je \u017eupanja ob\u010dine \u010crnomelj Mojca \u010cemas Stjepanovi\u010d odprla prenovljene prostore pri telovadnici. \u0160ola je ob tem dogodku izdala <\/span><\/span><span lang=\"sl\"><a style=\"color: #333333\" href=\"http:\/\/os-dragatus.splet.arnes.si\/files\/2014\/12\/zbornik_50-letnica-solske-stavbe.pdf\" target=\"_blank\" rel=\"noopener noreferrer\"> Zbornik<\/a><\/span><span class=\"style176\"><span lang=\"sl\">.<br \/>\n<\/span><\/span><span class=\"style165\"><span style=\"font-size: 8pt;font-family: verdana,geneva\"><span class=\"style165\"><span lang=\"sl\"><span style=\"font-size: 8pt;font-family: verdana,geneva\"><span class=\"style165\">\u2022 <\/span><\/span><\/span><\/span><\/span><\/span><span lang=\"sl\"><span class=\"style176\"><strong>Decembra 2013<\/strong> smo zamenjali stara okna na obeh hodnikih pri stopni\u0161\u010du v starem delu \u0161olske stavbe. Prvotna okna so tako ostala le \u0161e v skrajno levem delu \u0161olske stavbe (zbornica, pisarna in knji\u017enica).<\/span><br \/>\n\u2022 <\/span><span lang=\"sl\"><strong>Maj 2014<\/strong> &#8211; S pregraditvijo u\u010dilnic za sloven\u0161\u010dino ter geografijo\/zgodovino smo pridobili kabineta, staro pohi\u0161tvo (mize in klopi) pa je bilo zamenjano z novim.<br \/>\n\u2022 <\/span><span lang=\"sl\"><strong>Junij 2014<\/strong> &#8211; Dokon\u010dana je postavitev ograje okrog otro\u0161kega igri\u0161\u010da na \u0161olskem vrtu, polo\u017eena mehka podlaga na igri\u0161\u010du pri vrtcu ter postavljeni za\u0161\u010ditni ograji z mre\u017eo za goloma rokometnega igri\u0161\u010da.<br \/>\n<span lang=\"sl\">\u2022 <\/span><span lang=\"sl\"><strong>Oktober 2014<\/strong> &#8211; Na \u0161olskem vrtu so bila postavljena nova igrala, ki so bila kupljena s pomo\u010djo donatorskih sredstev in prispevkov star\u0161ev. Hkrati so bila obnovljena stara igrala.<\/span><br \/>\n<span lang=\"sl\">\u2022 <\/span><span lang=\"sl\"><strong>Oktober 2014<\/strong> &#8211; Med jesenskimi po\u010ditnicami je bila zamenjana ograja na stopni\u0161\u010du v novem delu \u0161olske stavbe, zamenjane pa so bile tudi talne obloge na stopni\u0161\u010du in v hodniku srednje eta\u017ee. Nabavljene so bile klopi in ko\u0161i za smeti, ki bodo postavljeni ob igri\u0161\u010du in pri igralih ter nova sen\u010dila v vseh u\u010dilnicah.<br \/>\n<\/span><\/span><span lang=\"sl\"> <span lang=\"sl\">\u2022 <\/span><span lang=\"sl\"><strong>28. 11. 2014<\/strong> &#8211; <\/span><\/span>V \u0161olski telovadnici je bil koncert v zahvalo podpori star\u0161ev, sponzorjev in ostalih, ki so sodelovali v akciji &#8220;Za igrala&#8221;.<\/span><br \/>\n<span style=\"color: #333333\"> <span lang=\"sl\"> \u2022 <strong>September 2015<\/strong> &#8211; <\/span><span lang=\"sl\"><span lang=\"sl\">V \u0161olski ra\u010dunalni\u0161ki u\u010dilnici smo namestili devet novih ra\u010dunalnikov.<br \/>\n\u2022 <strong>December 2015<\/strong> &#8211; S pomo\u010djo ob\u010dine \u010crnomelj in \u0161olskega sklada smo kupili nove tekstilne plo\u0161\u010de za za\u0161\u010dito tal v telovadnici med prireditvami. Obiskovalci so se lahko prvi\u010d &#8220;sprehodili&#8221; po njih na novoletnem koncertu 23. 12. 2015.<br \/>\n\u2022 <strong>Februar 2016<\/strong> &#8211; Prenova <\/span><\/span>pisarni\u0161kih prostorov. V sklopu del so bila prenovljena tla, zamenjano elektri\u010dno in telekomunikacijsko omre\u017eje in name\u0161\u010deno novo pohi\u0161tvo.<\/span><br \/>\n<span style=\"color: #333333\"> <span lang=\"sl\">\u2022 <strong>Marec 2016<\/strong> &#8211; Postavljena nova gola in ko\u0161a na zunanjem igri\u0161\u010du.<br \/>\n<\/span><span lang=\"sl\">\u2022 <strong>Marec 2017<\/strong> &#8211; Za pouk gospodinjstva je bila v u\u010dilnici 5. razreda postavljena nova kuhinja.<br \/>\n<\/span><span lang=\"sl\">\u2022 <strong>Julij &#8211; oktober 2017<\/strong> &#8211; Opravljena obse\u017ena energetska sanacija \u0161ole (razen dela \u0161ole levo od zgornjega vhoda &#8211; tu je predvidena dograditev \u0161ole):<br \/>\n&#8211; vgrajena je bila toplotna izolacija zidov in podstre\u0161ja,<br \/>\n&#8211; postavljena so bila nova stre\u0161na kritina na \u0161oli in telovadnici,<br \/>\n&#8211; zamenjano je bilo stavbno pohi\u0161tva (v vrtcu, jedilnici, kuhinji, ra\u010dunalni\u0161ki u\u010dilnici, prizidku telovadnice, kleti in spodnjem vhodu),<br \/>\n&#8211; na vseh oknih \u0161ole so bila vgrajena okenska sen\u010dila,<br \/>\n&#8211; v telovadnici so bila vgrajena nova okna, na ju\u017eni strani telovadnice pa postavljena okenska sen\u010dila,<br \/>\n&#8211; popolnoma je bila obnovljena kurilnica z novo toplotno \u010drpalko termostatskimi ventili na vseh radiatorjih,<br \/>\n&#8211; zamenjana je bila glavna elektro omarica<br \/>\n&#8211; polo\u017een nov plo\u010dnik okrog \u0161olske stavbe.<br \/>\n<\/span>\u2022 <strong>20. 12. 2017<\/strong>&nbsp;&#8211; Na pobudo predstavnikov \u0161olskega sklada so star\u0161i, u\u010denci, u\u010ditelji, vzgojiteljice in DK\u017d Dragatu\u0161 v tednu pred novoletno prireditvijo pekli pi\u0161kote, za katere so obiskovalci v \u010dasu prireditve namenili dobrodelne prispevke. Izkupi\u010dek &#8211; 545\u20ac &#8211; je namenjen nakupu glasbil za otroke iz vrtca in u\u010dence.<br \/>\n\u2022 <strong>December 2017<\/strong> &#8211; \u0160ola se je vklju\u010dila v ARNES-ov Programa nadaljnje vzpostavitve IKT infrastrukture v vzgoji in izobra\u017eevanju (Slovensko izobra\u017eevalno omre\u017eje \u2013 2020 oz. SIO-2020). V okviru Programa bo Arnes vzgojno-izobra\u017eevalnim zavodom (VIZ) sofinancirali izgradnjo brez\u017ei\u010dnih omre\u017eij in nakup IKT opreme.<\/span><br \/>\n<span style=\"color: #333333\"> Operacijo delno financira Evropska unija iz Evropskega sklada za regionalni razvoj ter Ministrstvo za izobra\u017eevanje, znanost in \u0161port.&nbsp; Cilj programa: Izbolj\u0161anje kompetenc in dose\u017ekov mladih ter ve\u010dja usposobljenost izobra\u017eevalcev prek ve\u010dje uporabe sodobne IKT pri pou\u010devanju in u\u010denju.<\/span><br \/>\n<span style=\"color: #333333\"> \u2022 <strong>Junij 2018<\/strong> &#8211; Prejeli prve \u0161tiri ra\u010dunalnike iz programa SIO-2020. Namenili smo jih v u\u010dilnicah 1. in 2. razreda ter v u\u010dilnicah 13 (SLJ\/GUM) in 14 (ZGO\/GEO\/BIO). <\/span><br \/>\n<span style=\"color: #333333\">\u2022 <strong>November 2018<\/strong> &#8211; Prejeli naslednjih \u0161est ra\u010dunalnikov iz programa SIO-2020.<br \/>\n\u2022&nbsp;<strong>December 2018<\/strong>&nbsp;&#8211; V celoti smo prenovili \u0161olsko telefonijo &#8211; pre\u0161li smo na IP telefonijo. Imamo 10 telefonskih priklju\u010dkov, ki smo jih porazdelili po vseh vitalnih to\u010dkah \u0161ole in vrtca.<br \/>\n\u2022&nbsp;<strong>21. december 2018<\/strong>&nbsp;&#8211; V \u0161olski telovadnici je bila sve\u010dana prireditev ob 160 letnici \u0161olstva v Dragatu\u0161u.<br \/>\n\u2022 <strong>27. december 2018<\/strong>&nbsp;&#8211; V okviru programa SIO-2020 je bila zaklju\u010dena izgradnja \u0161olskega brez\u017ei\u010dnega omre\u017eja. Sestavlja ga 14 dostopovnih to\u010dk in zajema celotno \u0161olsko stavbo.<br \/>\n\u2022&nbsp;<\/span><span style=\"color: #333333\"><strong>April 2019<\/strong>&nbsp;&#8211; Uspelo nam je nadgraditi \u0161olsko internetno povezavo in z izbolj\u0161ano hitrostjo zadovoljiti na\u0161e potrebe po kakovostnem dostopu do svetovnega spleta.<br \/>\n\u2022 <strong>4. julij 2019<\/strong>&nbsp;&#8211; V okviru SIO-2020 je \u0161ola skupno pridobila: 12 ra\u010dunalnikov, 1 prenosni ra\u010dunalnik, 1 monitor in brez\u017ei\u010dno omre\u017eje po celotni \u0161olski stavbi.<br \/>\n<\/span><span style=\"color: #000000\">\u2022 <strong>16. januar 2020<\/strong><\/span>&nbsp;&#8211; V okviru programa SIO-2020 je \u0161ola pridobila \u0161e 4 ra\u010dunalnike, 3 monitorje in 4 projektorje. Vse u\u010dilnice so sedaj opremljene s sodobnimi ra\u010dunalniki in projektorji.<br \/>\n\u2022&nbsp;<span style=\"color: #000000\"><strong>16. marec 2020<\/strong><\/span> <strong>&#8211; 18. maj 2020<\/strong> &#8211; V tem obdobju je bila \u0161ola zaprta zaradi epidemije bolezni korona virus Covid 19. Delo je potekalo na daljavo preko spletnih u\u010dilnic in eAsistenta. 18. 5. so se v \u0161olo vrnili u\u010denci prve triade, 25. 5. u\u010denci 9. razreda, 1. 6. u\u010denci 4. in 5. razreda, 3. 6. pa \u0161e u\u010denci 6., 7. in 8. razreda. V \u0161oli je delo potekalo na prilagojen na\u010din &#8211; u\u010denci so bili ves \u010das v mati\u010dni u\u010dilnici (razen \u0161porta in izbirnih predmetov), prav tako so imeli v u\u010dilnicah malico, izven u\u010dilnic so nosili za\u0161\u010ditne maske, prilagojen je bil prevoz u\u010dencev itd. Predvsem so se omejitve pokazale pri dejavnostih izven \u0161ole, ki jih je bilo zaradi predpisov in navodil te\u017eko ali nemogo\u010de izvajati v oblika, kot smo jih bili navajeni do takrat. Skupna ugotovitev u\u010dencev in u\u010diteljev: delo na daljavo je naporno in manj u\u010dinkovito.<br \/>\n\u2022&nbsp;<span style=\"color: #000000\"><strong>maj &#8211; junij 2020<\/strong><\/span> &#8211; Opravljena so bila pripravljalna dela pred na\u010drtovano raz\u0161iritvijo \u0161olske stavbe. Ob SZ strani \u0161ole so odstranili nekaj smrek, na istem delu so prestavili napeljave vodovoda, meteornih voda, kanalizacije, elektrike in hidrantnega omre\u017eja. Ta dela so bila potrebna predvsem zaradi raz\u0161iritve jedilnice in \u0161olske kuhinje.<br \/>\n\u2022 <span style=\"color: #000000\"><strong>4. avgust 2020<\/strong><\/span> &#8211; Pri\u010detek obnove jedilnice in \u0161olske kuhinje.<br \/>\n\u2022 <span style=\"color: #000000\"><strong>1. september 2020 <\/strong>&#8211; Del <\/span>\u0161olske telovadnice postane jedilnica. Tam imajo u\u010denci kosilo in sadno malico, dopoldanska malica pa poteka v u\u010dilnicah.<br \/>\n\u2022 <span style=\"color: #000000\"><strong>19. oktober 2020<\/strong><\/span> &#8211; Ponovno je uvedeno \u0161olanje na daljavo za u\u010dence od 6. do 9. razreda. Hkrati je razgla\u0161ena 30-dnevna epidemija.<br \/>\n\u2022 <span style=\"color: #000000\"><strong>2.-6. november 2020<\/strong><\/span> &#8211; Podalj\u0161ane po\u010ditnice za en teden zaradi epidemije.<br \/>\n\u2022 <span style=\"color: #000000\"><strong>9. november 2020<\/strong><\/span> &#8211; Pri\u010detek \u0161olanja na daljavo tudi za preostale u\u010dence.<br \/>\n\u2022 <span style=\"color: #000000\"><strong>20. november 2020<\/strong><\/span> &#8211; Na \u0161oli je bila vzpostavljena opti\u010dna internetna povezava.<br \/>\n\u2022 <span style=\"color: #000000\"><strong>24. december 2020<\/strong><\/span> &#8211; Objavljena prva video prireditev na daljavo &#8211; ob dr\u017eavnem prazniku. Razlog: \u0161olanje na daljavo.<br \/>\n\u2022 <span style=\"color: #000000\"><strong>9. februar 2021<\/strong><\/span> &#8211; Povratek v \u0161olske klopi za u\u010dence 1. triade.<br \/>\n\u2022 <span style=\"color: #000000\"><strong>22. februar 2021<\/strong><\/span> &#8211; Povratek v \u0161olske klopi za u\u010dence 2. in 3. triade.<br \/>\n\u2022 <span style=\"color: #000000\"><strong>1. april-9. april 2021<\/strong><\/span> &#8211; \u0160e eno obdobje \u0161olanja na daljavo za vse razrede.<br \/>\n\u2022 <span style=\"color: #000000\"><strong>maj 2021<\/strong><\/span> &#8211; Pri\u010detek uporabe nadstre\u0161ka ob \u0161olskem igri\u0161\u010du. Uporaben je kot u\u010dilnica na prostem ali kot pokrit prostor za razli\u010dne \u0161olske in izven \u0161olske prireditve oz. dogodke.<br \/>\n\u2022 <span style=\"color: #000000\"><strong>6. 1. 2022<\/strong><\/span> &#8211; Na \u0161oli smo dobili prvi interaktivni zaslon, ki omogo\u010da izvedbo pouka kjer pride interaktivnost najbolj do izraza. Oprema je name\u0161\u010dena v u\u010dilnici 5. razreda. To je bil \u0161e zadnji kos opreme, ki smo jo dobili v okviru projekta React. Dobili smo prenosne in tabli\u010dne ra\u010dunalnike, monitor, interaktivni zaslon, kamere in slu\u0161alke z mikrofonom.<br \/>\n\u2022 <span style=\"color: #000000\"><strong>januar 2022<\/strong><\/span> &#8211; Ponovno pouk na daljavo zaradi COVID 19. Proti koncu prvega tedna v letu 2022 so \u0161li v karanteno u\u010denci 1., 3. in 7. razreda.<br \/>\n\u2022 <span style=\"color: #000000\"><strong>april 2022<\/strong><\/span> &#8211; Zaradi potreb v druge namene smo adaptirali ra\u010dunalnico in v njej naredili tri prostore. Za\u010dasno bodo slu\u017eili administrativnim slu\u017ebam, pozneje pa bodo uporabni kot kabineti u\u010dilnic v 1. nadstropju.<br \/>\n\u2022 <span style=\"color: #000000\"><strong>junij 2022<\/strong><\/span> &#8211; Pred bli\u017eajo\u010do adaptacijo dela \u0161ole smo preselili pisarne in svetovalno delo v za\u010dasne prostore v biv\u0161i ra\u010dunalnici, knji\u017enico pa v u\u010dilnico 2. razreda in na hodnik. V kratkem se bo v u\u010dilnico 4. razreda preselil tudi najstarej\u0161i oddelek vrtca, ki deluje v prostorih, ki bodo ob adaptaciji poru\u0161eni in zgrajeni na novo.<br \/>\n\u2022 <span style=\"color: #000000\"><strong>september 2022<\/strong><\/span> &#8211; Pripravljalna dela pred skoraj\u0161njo izgradnjo prizidka \u0161ole. Tako so prestavili toplotno \u010drpalko, odklopili elektriko na delu \u0161ole, ki bo poru\u0161en in opravili ostala potrebna dela v okolici \u0161ole (gre predvsem za dela v zvezi s premikom elektri\u010dnega daljnovoda).<br \/>\n\u2022 <strong>27. 10. 2022<\/strong> &#8211; Pri\u010detek del izgradnje prizidka \u0161ole.<br \/>\n\u2022 <strong>4. 1. 2024<\/strong> &#8211; Delovno mesto ravnateljice je nastopila Sanela Majstorovi\u0107. Stanislav Dra\u017eumeri\u010d, ravnatelj v \u010dasu od 2010 do 2024, se je upokojil.<br \/>\n\u2022 <strong>avgust 2024<\/strong> &#8211; Na \u0161oli smo namestili \u0161tiri klimatske naprave v u\u010dilnicah na ju\u017eni strani \u0161olske stavbe.<\/p>\n<div id=\"galleria-68\"><a href=\"https:\/\/www.os-dragatus.si\/files\/2014\/12\/zgodovina-sole-11.jpg\"><img decoding=\"async\" title=\"zgodovina-sole (11)\" alt=\"\" src=\"https:\/\/www.os-dragatus.si\/files\/2014\/12\/zgodovina-sole-11-81x55.jpg\" data-big=\"https:\/\/www.os-dragatus.si\/files\/2014\/12\/zgodovina-sole-11.jpg\"><\/a><a href=\"https:\/\/www.os-dragatus.si\/files\/2014\/12\/zgodovina-sole-2.jpg\"><img decoding=\"async\" title=\"zgodovina-sole (2)\" alt=\"\" src=\"https:\/\/www.os-dragatus.si\/files\/2014\/12\/zgodovina-sole-2-79x55.jpg\" data-big=\"https:\/\/www.os-dragatus.si\/files\/2014\/12\/zgodovina-sole-2.jpg\"><\/a><a href=\"https:\/\/www.os-dragatus.si\/files\/2014\/12\/zgodovina-sole-1.jpg\"><img decoding=\"async\" title=\"zgodovina-sole (1)\" alt=\"\" src=\"https:\/\/www.os-dragatus.si\/files\/2014\/12\/zgodovina-sole-1-89x55.jpg\" data-big=\"https:\/\/www.os-dragatus.si\/files\/2014\/12\/zgodovina-sole-1.jpg\"><\/a><a href=\"https:\/\/www.os-dragatus.si\/files\/2014\/12\/zgodovina-sole.jpg\"><img decoding=\"async\" title=\"zgodovina-sole\" alt=\"\" src=\"https:\/\/www.os-dragatus.si\/files\/2014\/12\/zgodovina-sole-94x55.jpg\" data-big=\"https:\/\/www.os-dragatus.si\/files\/2014\/12\/zgodovina-sole.jpg\"><\/a><a href=\"https:\/\/www.os-dragatus.si\/files\/2014\/12\/zgodovina-sole-16.jpg\"><img decoding=\"async\" title=\"zgodovina-sole (16)\" alt=\"\" src=\"https:\/\/www.os-dragatus.si\/files\/2014\/12\/zgodovina-sole-16-68x55.jpg\" data-big=\"https:\/\/www.os-dragatus.si\/files\/2014\/12\/zgodovina-sole-16.jpg\"><\/a><a href=\"https:\/\/www.os-dragatus.si\/files\/2014\/12\/zgodovina-sole-15.jpg\"><img decoding=\"async\" title=\"zgodovina-sole (15)\" alt=\"\" src=\"https:\/\/www.os-dragatus.si\/files\/2014\/12\/zgodovina-sole-15-90x55.jpg\" data-big=\"https:\/\/www.os-dragatus.si\/files\/2014\/12\/zgodovina-sole-15.jpg\"><\/a><a href=\"https:\/\/www.os-dragatus.si\/files\/2014\/12\/zgodovina-sole-14.jpg\"><img decoding=\"async\" title=\"zgodovina-sole (14)\" alt=\"\" src=\"https:\/\/www.os-dragatus.si\/files\/2014\/12\/zgodovina-sole-14-49x55.jpg\" data-big=\"https:\/\/www.os-dragatus.si\/files\/2014\/12\/zgodovina-sole-14.jpg\"><\/a><a href=\"https:\/\/www.os-dragatus.si\/files\/2014\/12\/zgodovina-sole-13.jpg\"><img decoding=\"async\" title=\"zgodovina-sole (13)\" alt=\"\" src=\"https:\/\/www.os-dragatus.si\/files\/2014\/12\/zgodovina-sole-13-95x55.jpg\" data-big=\"https:\/\/www.os-dragatus.si\/files\/2014\/12\/zgodovina-sole-13.jpg\"><\/a><a href=\"https:\/\/www.os-dragatus.si\/files\/2014\/12\/zgodovina-sole-12.jpg\"><img decoding=\"async\" title=\"zgodovina-sole (12)\" alt=\"\" src=\"https:\/\/www.os-dragatus.si\/files\/2014\/12\/zgodovina-sole-12-89x55.jpg\" data-big=\"https:\/\/www.os-dragatus.si\/files\/2014\/12\/zgodovina-sole-12.jpg\"><\/a><a href=\"https:\/\/www.os-dragatus.si\/files\/2014\/12\/zgodovina-sole-3.jpg\"><img decoding=\"async\" title=\"zgodovina-sole (3)\" alt=\"\" src=\"https:\/\/www.os-dragatus.si\/files\/2014\/12\/zgodovina-sole-3-81x55.jpg\" data-big=\"https:\/\/www.os-dragatus.si\/files\/2014\/12\/zgodovina-sole-3.jpg\"><\/a><a href=\"https:\/\/www.os-dragatus.si\/files\/2014\/12\/zgodovina-sole-10.jpg\"><img decoding=\"async\" title=\"zgodovina-sole (10)\" alt=\"\" src=\"https:\/\/www.os-dragatus.si\/files\/2014\/12\/zgodovina-sole-10-83x55.jpg\" data-big=\"https:\/\/www.os-dragatus.si\/files\/2014\/12\/zgodovina-sole-10.jpg\"><\/a><a href=\"https:\/\/www.os-dragatus.si\/files\/2014\/12\/zgodovina-sole-9.jpg\"><img decoding=\"async\" title=\"zgodovina-sole (9)\" alt=\"\" src=\"https:\/\/www.os-dragatus.si\/files\/2014\/12\/zgodovina-sole-9-88x55.jpg\" data-big=\"https:\/\/www.os-dragatus.si\/files\/2014\/12\/zgodovina-sole-9.jpg\"><\/a><a href=\"https:\/\/www.os-dragatus.si\/files\/2014\/12\/zgodovina-sole-8.jpg\"><img decoding=\"async\" title=\"zgodovina-sole (8)\" alt=\"\" src=\"https:\/\/www.os-dragatus.si\/files\/2014\/12\/zgodovina-sole-8-83x55.jpg\" data-big=\"https:\/\/www.os-dragatus.si\/files\/2014\/12\/zgodovina-sole-8.jpg\"><\/a><a href=\"https:\/\/www.os-dragatus.si\/files\/2014\/12\/zgodovina-sole-7.jpg\"><img decoding=\"async\" title=\"zgodovina-sole (7)\" alt=\"\" src=\"https:\/\/www.os-dragatus.si\/files\/2014\/12\/zgodovina-sole-7-86x55.jpg\" data-big=\"https:\/\/www.os-dragatus.si\/files\/2014\/12\/zgodovina-sole-7.jpg\"><\/a><a href=\"https:\/\/www.os-dragatus.si\/files\/2014\/12\/zgodovina-sole-6.jpg\"><img decoding=\"async\" title=\"zgodovina-sole (6)\" alt=\"\" src=\"https:\/\/www.os-dragatus.si\/files\/2014\/12\/zgodovina-sole-6-88x55.jpg\" data-big=\"https:\/\/www.os-dragatus.si\/files\/2014\/12\/zgodovina-sole-6.jpg\"><\/a><a href=\"https:\/\/www.os-dragatus.si\/files\/2014\/12\/zgodovina-sole-5.jpg\"><img decoding=\"async\" title=\"zgodovina-sole (5)\" alt=\"\" src=\"https:\/\/www.os-dragatus.si\/files\/2014\/12\/zgodovina-sole-5-76x55.jpg\" data-big=\"https:\/\/www.os-dragatus.si\/files\/2014\/12\/zgodovina-sole-5.jpg\"><\/a><a href=\"https:\/\/www.os-dragatus.si\/files\/2014\/12\/zgodovina-sole-4.jpg\"><img decoding=\"async\" title=\"zgodovina-sole (4)\" alt=\"\" src=\"https:\/\/www.os-dragatus.si\/files\/2014\/12\/zgodovina-sole-4-81x55.jpg\" data-big=\"https:\/\/www.os-dragatus.si\/files\/2014\/12\/zgodovina-sole-4.jpg\"><\/a><\/div>\n","protected":false},"excerpt":{"rendered":"<p>Ravnatelji, upravitelji, nadu\u010ditelji&#8230; skrbno bele\u017eijo dogodke, pomembne za \u0161olo in kraj. Tako \u0161olska kronika O\u0160 Dragatu\u0161 obsega kar nekaj debelih zvezkov dokazov na\u0161e preteklosti. Naj na\u0161tejemo le tistih nekaj pomembnej\u0161ih: \u2022&nbsp;3. novembra 1874 je nadu\u010ditelj Franc Kav\u010di\u010d zapisal: \u00bbKakor je bila povsod navada, da so se po farah ustanovile tako imenovane trivialne \u0161ole, za\u010dela se [&hellip;]<\/p>\n","protected":false},"author":1706,"featured_media":0,"parent":0,"menu_order":7,"comment_status":"closed","ping_status":"closed","template":"","meta":{"_et_pb_use_builder":"","_et_pb_old_content":"","_et_gb_content_width":"","ngg_post_thumbnail":0,"footnotes":"","_expiration-date-status":"","_expiration-date":0,"_expiration-date-type":"","_expiration-date-categories":[],"_expiration-date-options":[]},"class_list":["post-68","page","type-page","status-publish","hentry"],"_links":{"self":[{"href":"https:\/\/www.os-dragatus.si\/index.php?rest_route=\/wp\/v2\/pages\/68","targetHints":{"allow":["GET"]}}],"collection":[{"href":"https:\/\/www.os-dragatus.si\/index.php?rest_route=\/wp\/v2\/pages"}],"about":[{"href":"https:\/\/www.os-dragatus.si\/index.php?rest_route=\/wp\/v2\/types\/page"}],"author":[{"embeddable":true,"href":"https:\/\/www.os-dragatus.si\/index.php?rest_route=\/wp\/v2\/users\/1706"}],"replies":[{"embeddable":true,"href":"https:\/\/www.os-dragatus.si\/index.php?rest_route=%2Fwp%2Fv2%2Fcomments&post=68"}],"version-history":[{"count":15,"href":"https:\/\/www.os-dragatus.si\/index.php?rest_route=\/wp\/v2\/pages\/68\/revisions"}],"predecessor-version":[{"id":35445,"href":"https:\/\/www.os-dragatus.si\/index.php?rest_route=\/wp\/v2\/pages\/68\/revisions\/35445"}],"wp:attachment":[{"href":"https:\/\/www.os-dragatus.si\/index.php?rest_route=%2Fwp%2Fv2%2Fmedia&parent=68"}],"curies":[{"name":"wp","href":"https:\/\/api.w.org\/{rel}","templated":true}]}}